{"id":32,"date":"2022-05-10T23:16:37","date_gmt":"2022-05-10T23:16:37","guid":{"rendered":"https:\/\/ernestourra.com\/?page_id=32"},"modified":"2022-05-10T23:25:37","modified_gmt":"2022-05-10T23:25:37","slug":"de-la-habana-a-valencia","status":"publish","type":"page","link":"https:\/\/ernestourra.com\/?page_id=32","title":{"rendered":"De la habana a Valencia"},"content":{"rendered":"\n<div class=\"wp-block-cover alignfull has-parallax\" style=\"background-image:url(https:\/\/ernestourra.com\/wp-content\/uploads\/2022\/05\/Ernesto-Urra-Guitarrista-en-Valencia.jpg);min-height:550px\"><span aria-hidden=\"true\" class=\"has-ast-global-color-5-background-color has-background-dim-70 wp-block-cover__gradient-background has-background-dim\"><\/span><div class=\"wp-block-cover__inner-container\">\n<h1 class=\"has-text-align-center has-ast-global-color-2-color has-text-color\">De La Habana a Valencia<\/h1>\n<\/div><\/div>\n\n\n\n<div class=\"is-layout-flow wp-block-group alignfull\"><div class=\"wp-block-group__inner-container\">\n<h4 class=\"alignwide has-text-align-center\">Comenc\u00e9 a tocar la guitarra a los 16 a\u00f1os con amigos del barrio y de la escuela. Form\u00e9 varios grupos principalmente de m\u00fasica andina en la\u00a0Casa Memorial Salvador Allende\u00a0junto a m\u00fasicos chilenos y argentinos. A los 22 comenc\u00e9 a estudiar el flamenco en el\u00a0Centro Andaluz de la Habana.<\/h4>\n\n\n\n<p><\/p>\n\n\n\n<div class=\"is-layout-flow wp-block-group alignwide\"><div class=\"wp-block-group__inner-container\">\n<figure class=\"is-layout-flex wp-block-gallery-1 wp-block-gallery has-nested-images columns-default is-cropped\">\n<figure class=\"wp-block-image size-large\"><img decoding=\"async\" width=\"567\" height=\"469\" src=\"https:\/\/ernestourra.com\/wp-content\/uploads\/2022\/05\/opalo1.jpg\" alt=\"Grupo \u00d3palo 1\" class=\"wp-image-46\" srcset=\"https:\/\/ernestourra.com\/wp-content\/uploads\/2022\/05\/opalo1.jpg 567w, https:\/\/ernestourra.com\/wp-content\/uploads\/2022\/05\/opalo1-300x248.jpg 300w\" sizes=\"(max-width: 567px) 100vw, 567px\" \/><\/figure>\n\n\n\n<figure class=\"wp-block-image size-large\"><img decoding=\"async\" width=\"567\" height=\"381\" src=\"https:\/\/ernestourra.com\/wp-content\/uploads\/2022\/05\/opalo3.jpg\" alt=\"Grupo \u00d3palo 2\" class=\"wp-image-47\" srcset=\"https:\/\/ernestourra.com\/wp-content\/uploads\/2022\/05\/opalo3.jpg 567w, https:\/\/ernestourra.com\/wp-content\/uploads\/2022\/05\/opalo3-300x202.jpg 300w\" sizes=\"(max-width: 567px) 100vw, 567px\" \/><\/figure>\n\n\n\n<figure class=\"wp-block-image size-large\"><img decoding=\"async\" width=\"567\" height=\"457\" src=\"https:\/\/ernestourra.com\/wp-content\/uploads\/2022\/05\/opalo4.jpg\" alt=\"Grupo \u00d3palo 3\" class=\"wp-image-45\" srcset=\"https:\/\/ernestourra.com\/wp-content\/uploads\/2022\/05\/opalo4.jpg 567w, https:\/\/ernestourra.com\/wp-content\/uploads\/2022\/05\/opalo4-300x242.jpg 300w\" sizes=\"(max-width: 567px) 100vw, 567px\" \/><\/figure>\n<\/figure>\n<\/div><\/div>\n\n\n\n<div class=\"is-layout-flex wp-container-6 wp-block-columns alignwide\">\n<div class=\"is-layout-flow wp-block-column\" style=\"flex-basis:33.33%\">\n<h2>La Habana<\/h2>\n<\/div>\n\n\n\n<div class=\"is-layout-flow wp-block-column is-vertically-aligned-bottom\" style=\"flex-basis:66.66%\">\n<p>A los 24 comenc\u00e9 a recibir clases de canto l\u00edrico con el director del\u00a0Coro de la \u00d3pera Nacional de Cuba\u00a0y casi un a\u00f1o despu\u00e9s pas\u00e9 a formar parte de dicho coro durante un a\u00f1o. En ese tiempo entr\u00e9 como guitarrista en el\u00a0Ballet Espa\u00f1ol de La Habana\u00a0perteneciente al\u00a0Ballet Nacional de Cuba\u00a0y unos meses despu\u00e9s fund\u00e9 la\u00a0Compa\u00f1\u00eda Aires\u00a0junto a la bailaora\u00a0Paz D\u00edaz\u00a0en el\u00a0Centro Prodanza. Fue entonces cuando fund\u00e9 mi grupo\u00a0\u00d3palo\u00a0donde junto a\u00a0Zita Smoliakova\u00a0(Ucrania) y\u00a0Elizabeth Lemke\u00a0(Holanda) fusionaba el flamenco con ritmos cubanos, gitanos y mediterr\u00e1neos y en el a\u00f1o 1998 form\u00e9 parte unos meses, junto a algunos de los integrantes de \u00d3palo, de la Compa\u00f1\u00eda del\u00a0Ballet de List Alfonso\u00a0.<\/p>\n<\/div>\n<\/div>\n<\/div><\/div>\n\n\n\n<div class=\"wp-block-cover alignfull has-parallax\" style=\"background-image:url(https:\/\/ernestourra.com\/wp-content\/uploads\/2022\/05\/La-Habana-scaled.jpg);min-height:500px\"><span aria-hidden=\"true\" class=\"has-ast-global-color-5-background-color has-background-dim-60 wp-block-cover__gradient-background has-background-dim\"><\/span><div class=\"wp-block-cover__inner-container\">\n<p class=\"has-text-align-center has-large-font-size\"><\/p>\n<\/div><\/div>\n\n\n\n<div class=\"is-layout-flow wp-block-group alignfull\"><div class=\"wp-block-group__inner-container\">\n<div class=\"is-layout-flex wp-container-14 wp-block-columns\">\n<div class=\"is-layout-flow wp-block-column\">\n<div class=\"is-layout-flow wp-block-group\"><div class=\"wp-block-group__inner-container\">\n<p>Toda esta \u00e9poca posterior a la participaci\u00f3n en la\u00a0\u00d3pera\u00a0fue muy amplia en cuanto a colaboraciones diversas como en el\u00a0Coro de C\u00e1mara de la ENA\u00a0(Escuela Nacional de Arte), el\u00a0Coro de la Amadeo Rold\u00e1n\u00a0y en varias Zarzuelas.<\/p>\n\n\n\n<p>Entre 1998 y 1999 me centr\u00e9 exclusivamente en\u00a0\u00d3palo\u00a0con los nuevos integrantes,\u00a0Fito\u00a0y\u00a0X\u00f3chitl\u00a0, con los que logr\u00e9 armonizar perfectamente y participar en muchos eventos como el\u00a0Festival \u201cLa Huella de Espa\u00f1a\u201d\u00a0compartiendo cartel junto a la\u00a0Compa\u00f1\u00eda de Antonio Canales\u00a0.<\/p>\n\n\n\n<p>En 1998 conoc\u00ed a\u00a0Kiko Veneno\u00a0, quien accedi\u00f3 a realizar un concierto junto a nosotros con sus canciones y las nuestras en el\u00a0Centro Cultural de la Embajada de Espa\u00f1a\u00a0en La Habana .<\/p>\n<\/div><\/div>\n<\/div>\n\n\n\n<div class=\"is-layout-flow wp-block-column\">\n<div class=\"is-layout-flow wp-block-group\"><div class=\"wp-block-group__inner-container\">\n<figure class=\"is-layout-flex wp-block-gallery-10 wp-block-gallery has-nested-images columns-1 is-cropped\">\n<figure class=\"wp-block-image size-large\"><img decoding=\"async\" width=\"567\" height=\"446\" src=\"https:\/\/ernestourra.com\/wp-content\/uploads\/2022\/05\/cuba1.jpg\" alt=\"Ernesto Urra inicios en Cuba\" class=\"wp-image-50\" srcset=\"https:\/\/ernestourra.com\/wp-content\/uploads\/2022\/05\/cuba1.jpg 567w, https:\/\/ernestourra.com\/wp-content\/uploads\/2022\/05\/cuba1-300x236.jpg 300w\" sizes=\"(max-width: 567px) 100vw, 567px\" \/><\/figure>\n\n\n\n<figure class=\"wp-block-image size-large\"><img decoding=\"async\" width=\"709\" height=\"633\" src=\"https:\/\/ernestourra.com\/wp-content\/uploads\/2022\/05\/cuba2.jpg\" alt=\"Ernesto Urra inicios en Cuba 2\" class=\"wp-image-49\" srcset=\"https:\/\/ernestourra.com\/wp-content\/uploads\/2022\/05\/cuba2.jpg 709w, https:\/\/ernestourra.com\/wp-content\/uploads\/2022\/05\/cuba2-300x268.jpg 300w\" sizes=\"(max-width: 709px) 100vw, 709px\" \/><\/figure>\n<\/figure>\n<\/div><\/div>\n<\/div>\n<\/div>\n<\/div><\/div>\n\n\n\n<div class=\"is-layout-flow wp-block-group alignfull\"><div class=\"wp-block-group__inner-container\">\n<div class=\"is-layout-flex wp-container-18 wp-block-columns alignwide\">\n<div class=\"is-layout-flow wp-block-column\" style=\"flex-basis:33.33%\">\n<h2>Espa\u00f1a<\/h2>\n<\/div>\n\n\n\n<div class=\"is-layout-flow wp-block-column is-vertically-aligned-bottom\" style=\"flex-basis:66.66%\">\n<p>Ya en 1999 viaj\u00e9 por primera vez a\u00a0Europa\u00a0regresando en el 2000 a La Habana. Llego definitivamente a\u00a0Espa\u00f1a\u00a0en agosto del 2000 y primeramente vivo en Ibiza d\u00f3nde act\u00fao en el Itaka, el\u00a0Arteka\u00a0y\u00a0Las Dalias. Posteriormente llego a\u00a0Barcelona\u00a0donde comienzo a hacer contactos con m\u00fasicos para tocar y llego a montar un trio pero no llegamos a tocar en directo.<\/p>\n\n\n\n<p>Termino por establecerme en Valencia en octubre del 2000 y comienzo a tocar de solista en locales de la ciudad como el Caf\u00e9 de les hores,\u00a0Ca Revolta,\u00a0Radio City,\u00a0Juanita Club, Restaurante\u00a0Maramao,\u00a0Records de L&#8217;Avenir,\u00a0Mercado de la Pulga\u00a0y\u00a0Caf\u00e9 del Duende, en el centro;\u00a0El Glop,\u00a0Tulsa Caf\u00e9\u00a0y\u00a0Amagatall, en Benimaclet;\u00a0Caf\u00e9 L&#8217;Anima,\u00a0Matisse\u00a0y Facultades de Psicolog\u00eda y Filosof\u00eda entre otros.<\/p>\n<\/div>\n<\/div>\n\n\n\n<div class=\"is-layout-flow wp-block-group alignwide\"><div class=\"wp-block-group__inner-container\">\n<figure class=\"is-layout-flex wp-block-gallery-19 wp-block-gallery has-nested-images columns-default is-cropped\">\n<figure class=\"wp-block-image size-large\"><img decoding=\"async\" width=\"567\" height=\"428\" src=\"https:\/\/ernestourra.com\/wp-content\/uploads\/2022\/05\/amaga.jpg\" alt=\"\" class=\"wp-image-56\" srcset=\"https:\/\/ernestourra.com\/wp-content\/uploads\/2022\/05\/amaga.jpg 567w, https:\/\/ernestourra.com\/wp-content\/uploads\/2022\/05\/amaga-300x226.jpg 300w\" sizes=\"(max-width: 567px) 100vw, 567px\" \/><\/figure>\n\n\n\n<figure class=\"wp-block-image size-large\"><img decoding=\"async\" width=\"612\" height=\"452\" src=\"https:\/\/ernestourra.com\/wp-content\/uploads\/2022\/05\/glop.jpg\" alt=\"\" class=\"wp-image-59\" srcset=\"https:\/\/ernestourra.com\/wp-content\/uploads\/2022\/05\/glop.jpg 612w, https:\/\/ernestourra.com\/wp-content\/uploads\/2022\/05\/glop-300x222.jpg 300w\" sizes=\"(max-width: 612px) 100vw, 612px\" \/><\/figure>\n\n\n\n<figure class=\"wp-block-image size-large\"><img decoding=\"async\" width=\"656\" height=\"522\" src=\"https:\/\/ernestourra.com\/wp-content\/uploads\/2022\/05\/tulsa.jpg\" alt=\"\" class=\"wp-image-55\" srcset=\"https:\/\/ernestourra.com\/wp-content\/uploads\/2022\/05\/tulsa.jpg 656w, https:\/\/ernestourra.com\/wp-content\/uploads\/2022\/05\/tulsa-300x239.jpg 300w\" sizes=\"(max-width: 656px) 100vw, 656px\" \/><\/figure>\n<\/figure>\n<\/div><\/div>\n\n\n\n<h4 class=\"has-text-align-center\">Tambi\u00e9n actu\u00e9 en muchos locales fuera de Valencia como\u00a0El Escenari,\u00a0De Dins\u00a0y\u00a0El Panical, en Alcoi; el\u00a0Magic, en Ontinyent; el\u00a0Oasis, en Beniganim; la\u00a0Teter\u00eda del Zoco, en Alicante; en el Mercado Medieval de Bocairet entre otros. Posteriormente realizo varios experimentos con un bajista y un baterista con los que toqu\u00e9 como tr\u00edo en el\u00a0Caf\u00e9 del Duende\u00a0y en la\u00a0Teter\u00eda Zyriab.<\/h4>\n<\/div><\/div>\n\n\n\n<div class=\"is-layout-flow wp-block-group alignfull\"><div class=\"wp-block-group__inner-container\">\n<div class=\"is-layout-flex wp-container-28 wp-block-columns\">\n<div class=\"is-layout-flow wp-block-column\">\n<div class=\"is-layout-flow wp-block-group\"><div class=\"wp-block-group__inner-container\">\n<p>En el 2002 comienzo a programar actividades en el\u00a0Caf\u00e9 Quimeras: exposiciones, conciertos, teatro, generalmente y a colaborar en la programaci\u00f3n de los conciertos de\u00a0Radio City.<br>Luego form\u00e9 d\u00fao junto a\u00a0Rafa Marchante\u00a0(\u00a0<em>Ernesto Urra y el peque\u00f1o Rafa\u00a0<\/em>), fusionando flamenco y blues b\u00e1sicamente, tocando temas compuestos por ambos y acompa\u00f1ados en ocasiones por\u00a0M\u00f3nica\u00a0al viol\u00edn. Con ellos actu\u00e9 en sitios como\u00a0Radio City,\u00a0Caf\u00e9 Quimeras,\u00a0Mitjanit,\u00a0El Centro Excursionista,\u00a0El Hervidero\u00a0en X\u00e1tiva entre otros.<\/p>\n\n\n\n<p>Fue por entonces que conoc\u00ed a\u00a0Marina Moreno\u00a0con quien comparto en la actualidad el\u00a0Concierto Homenaje a Silvio Rodr\u00edguez\u00a0en el que han colaborado m\u00fasicos como\u00a0Rafa Marchante,\u00a0Jonathan Pocov\u00ed,\u00a0Noelia Sayas, entre otros.<\/p>\n<\/div><\/div>\n<\/div>\n\n\n\n<div class=\"is-layout-flow wp-block-column\">\n<figure class=\"is-layout-flex wp-block-gallery-25 wp-block-gallery has-nested-images columns-1 is-cropped\">\n<figure class=\"wp-block-image size-large\"><img decoding=\"async\" width=\"567\" height=\"404\" src=\"https:\/\/ernestourra.com\/wp-content\/uploads\/2022\/05\/conrafa.jpg\" alt=\"\" class=\"wp-image-58\" srcset=\"https:\/\/ernestourra.com\/wp-content\/uploads\/2022\/05\/conrafa.jpg 567w, https:\/\/ernestourra.com\/wp-content\/uploads\/2022\/05\/conrafa-300x214.jpg 300w\" sizes=\"(max-width: 567px) 100vw, 567px\" \/><\/figure>\n\n\n\n<figure class=\"wp-block-image size-large\"><img decoding=\"async\" width=\"652\" height=\"428\" src=\"https:\/\/ernestourra.com\/wp-content\/uploads\/2022\/05\/silvio2.jpg\" alt=\"\" class=\"wp-image-54\" srcset=\"https:\/\/ernestourra.com\/wp-content\/uploads\/2022\/05\/silvio2.jpg 652w, https:\/\/ernestourra.com\/wp-content\/uploads\/2022\/05\/silvio2-300x197.jpg 300w\" sizes=\"(max-width: 652px) 100vw, 652px\" \/><\/figure>\n<\/figure>\n<\/div>\n<\/div>\n<\/div><\/div>\n\n\n\n<p class=\"has-text-align-center\"><strong>En 2004 conozco a\u00a0Mayte Guill\u00e9n, cantante de origen andaluz con la que comienzo a trabajar en un repertorio de fusi\u00f3n de elementos del Flamenco y la m\u00fasica cubana. Posteriormente comienzo a trabajar con\u00a0Noelia Sayas\u00a0en su proyecto\u00a0Viva Tirado\u00a0con canciones de Noelia y arreglos m\u00edos realizando varios conciertos en\u00a0Valencia\u00a0y el\u00a0Puerto de Sagunto\u00a0y culmin\u00e1ndolo con la grabaci\u00f3n del\u00a0CD &#8220;La Indecente&#8221;\u00a0en septiembre del 2005.<\/strong><br><\/p>\n\n\n\n<div class=\"is-layout-flow wp-block-group alignwide\"><div class=\"wp-block-group__inner-container\"><\/div><\/div>\n\n\n\n<figure class=\"wp-block-embed is-type-rich is-provider-spotify wp-block-embed-spotify wp-embed-aspect-21-9 wp-has-aspect-ratio\"><div class=\"wp-block-embed__wrapper\">\n<div class=\"ast-oembed-container \" style=\"height: 100%;\"><iframe title=\"Spotify Embed: La Indecente Sigue Rodando las Calles\" style=\"border-radius: 12px\" width=\"100%\" height=\"380\" frameborder=\"0\" allowfullscreen allow=\"autoplay; clipboard-write; encrypted-media; fullscreen; picture-in-picture\" src=\"https:\/\/open.spotify.com\/embed\/album\/3E1bmvd2bO3J8JHdNfLQSR?utm_source=oembed\"><\/iframe><\/div>\n<\/div><\/figure>\n\n\n\n<figure class=\"is-layout-flex wp-block-gallery-31 wp-block-gallery has-nested-images columns-default is-cropped\">\n<figure class=\"wp-block-image size-large\"><img decoding=\"async\" width=\"479\" height=\"422\" data-id=\"67\"  src=\"https:\/\/ernestourra.com\/wp-content\/uploads\/2022\/05\/viva1.jpg\" alt=\"\" class=\"wp-image-67\" srcset=\"https:\/\/ernestourra.com\/wp-content\/uploads\/2022\/05\/viva1.jpg 479w, https:\/\/ernestourra.com\/wp-content\/uploads\/2022\/05\/viva1-300x264.jpg 300w\" sizes=\"(max-width: 479px) 100vw, 479px\" \/><\/figure>\n\n\n\n<figure class=\"wp-block-image size-large\"><img decoding=\"async\" width=\"500\" height=\"375\" data-id=\"65\"  src=\"https:\/\/ernestourra.com\/wp-content\/uploads\/2022\/05\/viva2.jpg\" alt=\"\" class=\"wp-image-65\" srcset=\"https:\/\/ernestourra.com\/wp-content\/uploads\/2022\/05\/viva2.jpg 500w, https:\/\/ernestourra.com\/wp-content\/uploads\/2022\/05\/viva2-300x225.jpg 300w\" sizes=\"(max-width: 500px) 100vw, 500px\" \/><\/figure>\n\n\n\n<figure class=\"wp-block-image size-large\"><img decoding=\"async\" width=\"425\" height=\"392\" data-id=\"66\"  src=\"https:\/\/ernestourra.com\/wp-content\/uploads\/2022\/05\/viva3.jpg\" alt=\"\" class=\"wp-image-66\" srcset=\"https:\/\/ernestourra.com\/wp-content\/uploads\/2022\/05\/viva3.jpg 425w, https:\/\/ernestourra.com\/wp-content\/uploads\/2022\/05\/viva3-300x277.jpg 300w\" sizes=\"(max-width: 425px) 100vw, 425px\" \/><\/figure>\n\n\n\n<figure class=\"wp-block-image size-large\"><img decoding=\"async\" width=\"567\" height=\"425\" data-id=\"70\"  src=\"https:\/\/ernestourra.com\/wp-content\/uploads\/2022\/05\/estudio1.jpg\" alt=\"\" class=\"wp-image-70\" srcset=\"https:\/\/ernestourra.com\/wp-content\/uploads\/2022\/05\/estudio1.jpg 567w, https:\/\/ernestourra.com\/wp-content\/uploads\/2022\/05\/estudio1-300x225.jpg 300w\" sizes=\"(max-width: 567px) 100vw, 567px\" \/><\/figure>\n\n\n\n<figure class=\"wp-block-image size-large\"><img decoding=\"async\" width=\"510\" height=\"511\" data-id=\"69\"  src=\"https:\/\/ernestourra.com\/wp-content\/uploads\/2022\/05\/laindecente.jpg\" alt=\"\" class=\"wp-image-69\" srcset=\"https:\/\/ernestourra.com\/wp-content\/uploads\/2022\/05\/laindecente.jpg 510w, https:\/\/ernestourra.com\/wp-content\/uploads\/2022\/05\/laindecente-300x300.jpg 300w, https:\/\/ernestourra.com\/wp-content\/uploads\/2022\/05\/laindecente-150x150.jpg 150w\" sizes=\"(max-width: 510px) 100vw, 510px\" \/><\/figure>\n\n\n\n<figure class=\"wp-block-image size-large\"><img decoding=\"async\" width=\"567\" height=\"425\" data-id=\"68\"  src=\"https:\/\/ernestourra.com\/wp-content\/uploads\/2022\/05\/estudio2.jpg\" alt=\"\" class=\"wp-image-68\" srcset=\"https:\/\/ernestourra.com\/wp-content\/uploads\/2022\/05\/estudio2.jpg 567w, https:\/\/ernestourra.com\/wp-content\/uploads\/2022\/05\/estudio2-300x225.jpg 300w\" sizes=\"(max-width: 567px) 100vw, 567px\" \/><\/figure>\n<\/figure>\n\n\n\n<h2 class=\"has-text-align-center\">Proyectos actuales<\/h2>\n\n\n\n<p class=\"has-text-align-center\">Actualmente preparo un proyecto junto a\u00a0Marina Moreno\u00a0(voz y clarinete),\u00a0Amanda Maria\u00a0(voz),\u00a0Llu\u00efsa Ros\u00a0(violonchelo)\u00a0y Cr\u00e1 Rosa\u00a0(percusi\u00f3n).<\/p>\n\n\n\n<div class=\"is-content-justification-center is-layout-flex wp-container-33 wp-block-buttons\">\n<div class=\"wp-block-button\"><a class=\"wp-block-button__link\">Ver todo<\/a><\/div>\n<\/div>\n\n\n\n<p><\/p>\n","protected":false},"excerpt":{"rendered":"<p>Comenc\u00e9 a tocar la guitarra a los 16 a\u00f1os con amigos del barrio y de la escuela. Form\u00e9 varios grupos principalmente de m\u00fasica andina en la\u00a0Casa Memorial Salvador Allende\u00a0junto a m\u00fasicos chilenos y argentinos. A los 22 comenc\u00e9 a estudiar el flamenco en el\u00a0Centro Andaluz de la Habana. La Habana A los 24 comenc\u00e9 a [&hellip;]<\/p>\n","protected":false},"author":1,"featured_media":0,"parent":0,"menu_order":0,"comment_status":"closed","ping_status":"closed","template":"","meta":{"_uag_custom_page_level_css":"","site-sidebar-layout":"default","site-content-layout":"","ast-site-content-layout":"","site-content-style":"default","site-sidebar-style":"default","ast-global-header-display":"","ast-banner-title-visibility":"","ast-main-header-display":"","ast-hfb-above-header-display":"","ast-hfb-below-header-display":"","ast-hfb-mobile-header-display":"","site-post-title":"disabled","ast-breadcrumbs-content":"","ast-featured-img":"","footer-sml-layout":"","theme-transparent-header-meta":"","adv-header-id-meta":"","stick-header-meta":"","header-above-stick-meta":"","header-main-stick-meta":"","header-below-stick-meta":"","astra-migrate-meta-layouts":"default","ast-page-background-enabled":"default","ast-page-background-meta":{"desktop":{"background-color":"var(--ast-global-color-4)","background-image":"","background-repeat":"repeat","background-position":"center center","background-size":"auto","background-attachment":"scroll","background-type":"","background-media":"","overlay-type":"","overlay-color":"","overlay-opacity":"","overlay-gradient":""},"tablet":{"background-color":"","background-image":"","background-repeat":"repeat","background-position":"center center","background-size":"auto","background-attachment":"scroll","background-type":"","background-media":"","overlay-type":"","overlay-color":"","overlay-opacity":"","overlay-gradient":""},"mobile":{"background-color":"","background-image":"","background-repeat":"repeat","background-position":"center center","background-size":"auto","background-attachment":"scroll","background-type":"","background-media":"","overlay-type":"","overlay-color":"","overlay-opacity":"","overlay-gradient":""}},"ast-content-background-meta":{"desktop":{"background-color":"var(--ast-global-color-5)","background-image":"","background-repeat":"repeat","background-position":"center center","background-size":"auto","background-attachment":"scroll","background-type":"","background-media":"","overlay-type":"","overlay-color":"","overlay-opacity":"","overlay-gradient":""},"tablet":{"background-color":"var(--ast-global-color-5)","background-image":"","background-repeat":"repeat","background-position":"center center","background-size":"auto","background-attachment":"scroll","background-type":"","background-media":"","overlay-type":"","overlay-color":"","overlay-opacity":"","overlay-gradient":""},"mobile":{"background-color":"var(--ast-global-color-5)","background-image":"","background-repeat":"repeat","background-position":"center center","background-size":"auto","background-attachment":"scroll","background-type":"","background-media":"","overlay-type":"","overlay-color":"","overlay-opacity":"","overlay-gradient":""}}},"uagb_featured_image_src":{"full":false,"thumbnail":false,"medium":false,"medium_large":false,"large":false,"1536x1536":false,"2048x2048":false},"uagb_author_info":{"display_name":"admin","author_link":"https:\/\/ernestourra.com\/?author=1"},"uagb_comment_info":0,"uagb_excerpt":"Comenc\u00e9 a tocar la guitarra a los 16 a\u00f1os con amigos del barrio y de la escuela. Form\u00e9 varios grupos principalmente de m\u00fasica andina en la\u00a0Casa Memorial Salvador Allende\u00a0junto a m\u00fasicos chilenos y argentinos. A los 22 comenc\u00e9 a estudiar el flamenco en el\u00a0Centro Andaluz de la Habana. La Habana A los 24 comenc\u00e9 a&hellip;","_links":{"self":[{"href":"https:\/\/ernestourra.com\/index.php?rest_route=\/wp\/v2\/pages\/32"}],"collection":[{"href":"https:\/\/ernestourra.com\/index.php?rest_route=\/wp\/v2\/pages"}],"about":[{"href":"https:\/\/ernestourra.com\/index.php?rest_route=\/wp\/v2\/types\/page"}],"author":[{"embeddable":true,"href":"https:\/\/ernestourra.com\/index.php?rest_route=\/wp\/v2\/users\/1"}],"replies":[{"embeddable":true,"href":"https:\/\/ernestourra.com\/index.php?rest_route=%2Fwp%2Fv2%2Fcomments&post=32"}],"version-history":[{"count":24,"href":"https:\/\/ernestourra.com\/index.php?rest_route=\/wp\/v2\/pages\/32\/revisions"}],"predecessor-version":[{"id":87,"href":"https:\/\/ernestourra.com\/index.php?rest_route=\/wp\/v2\/pages\/32\/revisions\/87"}],"wp:attachment":[{"href":"https:\/\/ernestourra.com\/index.php?rest_route=%2Fwp%2Fv2%2Fmedia&parent=32"}],"curies":[{"name":"wp","href":"https:\/\/api.w.org\/{rel}","templated":true}]}}